{"id":38,"date":"2020-01-04T19:28:57","date_gmt":"2020-01-04T18:28:57","guid":{"rendered":"https:\/\/www.litochovice.cz\/?page_id=38"},"modified":"2024-07-03T12:44:06","modified_gmt":"2024-07-03T10:44:06","slug":"urad-obce","status":"publish","type":"page","link":"https:\/\/www.litochovice.cz\/index.php\/urad-obce\/","title":{"rendered":"\u00da\u0159ad obce"},"content":{"rendered":"\n<div class=\"wp-block-group\"><div class=\"wp-block-group__inner-container is-layout-flow wp-block-group-is-layout-flow\">\n<h2 class=\"wp-block-heading\">\u00da\u0159ad obce &#8211;&nbsp;\u00a7106\u204499 Sb. <\/h2>\n\n\n\n<h3 class=\"wp-block-heading\">1. N\u00e1zev obce:<\/h3>\n\n\n\n<p>Litochovice<\/p>\n\n\n\n<h3 class=\"wp-block-heading\">2. D\u016fvod a zp\u016fsob zalo\u017een\u00ed:<\/h3>\n\n\n\n<p>Obec<strong>&nbsp;Litochovice<\/strong>&nbsp;byla zalo\u017eena podle ustanoven\u00ed \u00a73 odst.4) z\u00e1k.\u010d. 128\/2000Sb., o&nbsp;obc\u00edch ve&nbsp;zn\u011bn\u00ed pozd\u011bj\u0161\u00edch p\u0159edpis\u016f, a&nbsp;v&nbsp;souladu s&nbsp;\u00a729 odst.3) z\u00e1kona \u010d. 90\/1995 Sb. o&nbsp;jednac\u00edm \u0159\u00e1du Poslaneck\u00e9 sn\u011bmovny, ve&nbsp;zn\u011bn\u00ed pozd\u011bj\u0161\u00edch p\u0159edpis\u016f.<\/p>\n\n\n\n<h3 class=\"wp-block-heading\">3. Organiza\u010dn\u00ed struktura \u00fa\u0159adu:<\/h3>\n\n\n\n<p>\u010cinnost \u00fa\u0159adu obce je zaji\u0161\u0165ov\u00e1na prost\u0159ednictv\u00edm agendy starostky obce&nbsp;<strong>Radky Bo\u017ekov\u00e9<\/strong>&nbsp; &#8211;&nbsp; kter\u00e9 jsou pod\u0159\u00edzeni:<br>&nbsp;<\/p>\n\n\n\n<p>Zastupitelstvo:<\/p>\n\n\n\n<ul class=\"wp-block-list\">\n<li>Ing. V\u00e1clav \u0160toural, m\u00edstostarosta obce<\/li>\n<\/ul>\n\n\n\n<p>Obec m\u00e1 zastupitelstvo zvolen\u00e9 v&nbsp;\u0159\u00e1dn\u00fdch volb\u00e1ch v&nbsp;\u0159\u00edjnu 2022:<br>seznam zastupitel\u016f:&nbsp;<\/p>\n\n\n\n<ul class=\"wp-block-list\">\n<li>Radka Bo\u017ekov\u00e1&nbsp;&nbsp;&nbsp;&nbsp;&nbsp;&nbsp;&nbsp;<\/li>\n\n\n\n<li>Vladim\u00edr Kopenec&nbsp;&nbsp;&nbsp;<\/li>\n\n\n\n<li>Ing. Ma\u0159\u00edk Miroslav &nbsp;&nbsp;&nbsp;&nbsp;&nbsp;&nbsp;&nbsp; &nbsp;&nbsp;&nbsp;&nbsp;&nbsp;&nbsp;&nbsp;&nbsp;&nbsp;&nbsp; &nbsp;&nbsp;&nbsp;&nbsp;&nbsp;&nbsp;&nbsp;&nbsp;&nbsp;&nbsp;&nbsp;&nbsp;&nbsp;&nbsp;&nbsp;&nbsp;&nbsp;&nbsp;&nbsp;&nbsp;&nbsp;&nbsp;&nbsp;&nbsp;&nbsp;<\/li>\n\n\n\n<li>Hroudov\u00e1 Eva<\/li>\n\n\n\n<li>Zdichynec Franti\u0161ek<\/li>\n\n\n\n<li>Ing. V\u00e1clav \u0160toural<\/li>\n\n\n\n<li>Vladim\u00edr Trojan<\/li>\n<\/ul>\n\n\n\n<h3 class=\"wp-block-heading\">4.Kontakty:<\/h3>\n\n\n\n<p><\/p>\n\n\n\n<h3 class=\"wp-block-heading\">Obecn\u00ed \u00fa\u0159ad Litochovice<\/h3>\n\n\n\n<p>Neuslu\u017eice 16<\/p>\n\n\n\n<p>387 01&nbsp;Volyn\u011b<\/p>\n\n\n\n<h3 class=\"wp-block-heading\">E-mail:<\/h3>\n\n\n\n<p>obeclitochovice@seznam.cz<\/p>\n\n\n\n<h3 class=\"wp-block-heading\">Datov\u00e1 schr\u00e1nka:<\/h3>\n\n\n\n<p>ub2anai.<\/p>\n\n\n\n<h3 class=\"wp-block-heading\">5. Bankovn\u00ed spojen\u00ed:<\/h3>\n\n\n\n<p>Komer\u010dn\u00ed Banka: 25521291\/0100<\/p>\n\n\n\n<p>\u010cesk\u00e1 N\u00e1rodn\u00ed Banka: 94-11314291\/0710<\/p>\n\n\n\n<h3 class=\"wp-block-heading\">Telefon:<\/h3>\n\n\n\n<p>+420 602 183 903<br>&nbsp;<\/p>\n\n\n\n<h3 class=\"wp-block-heading\">\u00da\u0159edn\u00ed hodiny:<\/h3>\n\n\n\n<p>Pond\u011bl\u00ed&nbsp; dle telefonick\u00e9 dohody <br>\u00dater\u00fd&nbsp;&nbsp;&nbsp; 8.00 &#8211; 11.30<br>St\u0159eda&nbsp; dle telefonick\u00e9 dohody <br>\u010ctvrtek&nbsp; 8.00 \u2013 11.30 <br>P\u00e1tek&nbsp;&nbsp;&nbsp; 17.00 \u2013 18.00 <\/p>\n\n\n\n<p><\/p>\n\n\n\n<h3 class=\"wp-block-heading\">6. I\u010cO:<\/h3>\n\n\n\n<p>I\u010cO: 00 667 668<\/p>\n\n\n\n<h3 class=\"wp-block-heading\">7. Pl\u00e1tce dan\u011b z p\u0159idan\u00e9 hodnoty<\/h3>\n\n\n\n<p>Obec nen\u00ed pl\u00e1tcem DPH<\/p>\n\n\n\n<h3 class=\"wp-block-heading\">8. Dokumenty<\/h3>\n\n\n\n<h4>Seznamy hlavn\u00edch dokument\u016f<\/h4>\n<p><a href=\"https:\/\/www.litochovice.cz\/wp-content\/uploads\/2024\/07\/Strategicky-rozvojovy-plan.pdf\">Strategick\u00fd rozvojov\u00fd pl\u00e1n,\u00a0<\/a>\u00da\u0159edn\u00ed deska,\u00a0 <\/p>\n\n\n\n<p><\/p>\n\n\n\n<h3 class=\"wp-block-heading\">9. \u017d\u00e1dosti o&nbsp;informace:<\/h3>\n\n\n\n<h3 class=\"wp-block-heading\">podle z\u00e1kona 106\/1999 Sb. o&nbsp;svobodn\u00e9m p\u0159\u00edstupu k&nbsp;informac\u00edm se pod\u00e1vaj\u00ed:<\/h3>\n\n\n\n<ul class=\"wp-block-list\">\n<li><strong>P\u00edsemn\u011b:&nbsp;Neuslu\u017eice 16,&nbsp;387 01 Volyn\u011b<\/strong><\/li>\n\n\n\n<li><strong>Osobn\u011b:&nbsp;Neuslu\u017eice 16,&nbsp;387 01 Volyn\u011b<\/strong><\/li>\n\n\n\n<li><strong>e-mailem:&nbsp;obeclitochovice@seznam.cz<\/strong><\/li>\n\n\n\n<li><strong>elektronick\u00fdm pod\u00e1n\u00edm:&nbsp;obeclitochovice@seznam.cz<\/strong><\/li>\n\n\n\n<li><strong>Telefonicky:&nbsp;+420 602 183 903<\/strong><br><br>&nbsp;<\/li>\n<\/ul>\n\n\n\n<h3 class=\"wp-block-heading\">Z\u00e1kon \u010d. 106\/1999 Sb. O&nbsp;svobodn\u00e9m p\u0159\u00edstupu k&nbsp;informac\u00edm &#8211; p\u0159ehled lh\u016ft a&nbsp;term\u00edn\u016f:<\/h3>\n\n\n\n<h4 class=\"wp-block-heading\"><strong>Lh\u016fty<\/strong><\/h4>\n\n\n\n<ul class=\"wp-block-list\">\n<li>Odkaz na zve\u0159ejn\u011bnou informaci (\u00a7 6&nbsp;odst. l) &#8211; 7&nbsp;dn\u016f<\/li>\n\n\n\n<li>V\u00fdzva k&nbsp;up\u0159esn\u011bn\u00ed nesrozumiteln\u00e9 nebo p\u0159\u00edli\u0161 obecn\u00e9 informace (\u00a7 14&nbsp;odst. 3, p\u00edsm. a) &#8211; 7&nbsp;dn\u016f<\/li>\n\n\n\n<li>Informace o&nbsp;odlo\u017een\u00ed \u017e\u00e1dosti nevztahuj\u00edc\u00ed se k&nbsp;p\u016fsobnosti povinn\u00e9ho subjektu (\u00a7 14&nbsp;odst.3,p\u00edsm.b)-3dny<\/li>\n\n\n\n<li>Poskytnut\u00ed informace \u017eadateli (\u00a7 14&nbsp;odst. 3, p\u00edsm. c) &#8211; 15&nbsp;dn\u016f<\/li>\n\n\n\n<li>Prodlou\u017een\u00ed lh\u016fty pro poskytnut\u00ed informace ze&nbsp;z\u00e1va\u017en\u00fdch d\u016fvod\u016f (\u00a7 14&nbsp;odst. 5) &#8211; 10&nbsp;dn\u016f<\/li>\n\n\n\n<li>Rozhodnut\u00ed o&nbsp;odvol\u00e1n\u00ed (\u00a7 16&nbsp;odst. 3) &#8211; 15&nbsp;dn\u016f<\/li>\n\n\n\n<li>Up\u0159esn\u011bn\u00ed \u017e\u00e1dosti o&nbsp;informaci \u017eadatele (\u00a7 14&nbsp;odst. 3, p\u00edsm. a) &#8211; 30&nbsp;dn\u016f<\/li>\n\n\n\n<li>Lh\u016fta pro odvol\u00e1n\u00ed, jestli\u017ee povinn\u00fd org\u00e1n ve&nbsp;lh\u016ft\u011b neposkytl informaci \u010di nevydal rozhodnut\u00ed o&nbsp;nevyhov\u011bn\u00ed ( \u00a7 15&nbsp;odst. 4) &#8211; 15&nbsp;dn\u016f<\/li>\n\n\n\n<li>Odvol\u00e1n\u00ed proti rozhodnut\u00ed a&nbsp;odm\u00edtnut\u00ed \u017e\u00e1dosti (\u00a7 16&nbsp;odst. 1) &#8211; 15&nbsp;dn\u016f<\/li>\n<\/ul>\n\n\n\n<h4 class=\"wp-block-heading\">Term\u00edny:<\/h4>\n\n\n\n<ul class=\"wp-block-list\">\n<li>Poskytov\u00e1n\u00ed informac\u00ed dle \u00a7 5&nbsp;odst. 1&nbsp;zp\u016fsobem umo\u017e\u0148uj\u00edc\u00edm d\u00e1lkov\u00fd p\u0159\u00edstup (\u00a7 5&nbsp;odst. 2)-od 1.1.2001<\/li>\n\n\n\n<li>Poskytov\u00e1n\u00ed informac\u00ed z&nbsp;registr\u016f zp\u016fsobem umo\u017e\u0148uj\u00edc\u00edm d\u00e1lkov\u00fd p\u0159\u00edstup (\u00a7 5&nbsp;odst. 3) &#8211; od 1.&nbsp;1.&nbsp;2002&nbsp;<\/li>\n\n\n\n<li>Postup p\u0159i vy\u0159izov\u00e1n\u00ed \u017e\u00e1dost\u00ed o&nbsp;poskytnut\u00ed informace dle z\u00e1kona \u010d. 106\/99 Sb., o&nbsp;svobodn\u00e9m p\u0159\u00edstupu k&nbsp;informac\u00edm.<\/li>\n<\/ul>\n\n\n\n<p>Kdo m\u016f\u017ee o&nbsp;informaci po\u017e\u00e1dat &#8211; je to ka\u017ed\u00e1 fyzick\u00e1 nebo pr\u00e1vnick\u00e1 osoba, p\u0159i\u010dem\u017e nemus\u00ed zd\u016fvod\u0148ovat pro\u010d o&nbsp;informaci \u017e\u00e1d\u00e1.<\/p>\n\n\n\n<h3 class=\"wp-block-heading\">Kdo informaci poskytne<\/h3>\n\n\n\n<ul class=\"wp-block-list\">\n<li>kter\u00fdkoli st\u00e1tn\u00ed org\u00e1n nebo org\u00e1ny \u00fazemn\u00ed samospr\u00e1vy (obce)<\/li>\n<\/ul>\n\n\n\n<h3 class=\"wp-block-heading\">Kdy informaci neposkytne<\/h3>\n\n\n\n<ul class=\"wp-block-list\">\n<li>je-li po\u017eadovan\u00e1 informace ozna\u010dena za utajovanou skute\u010dnost<\/li>\n\n\n\n<li>jde-li informace vypov\u00eddaj\u00edc\u00ed o&nbsp;osobnosti a&nbsp;soukrom\u00ed fyzick\u00e9 osoby (n\u00e1rodnost, rasov\u00fd p\u016fvod, n\u00e1bo\u017eensk\u00e9 zam\u011b\u0159en\u00ed, \u010dlenstv\u00ed v&nbsp;politick\u00fdch stran\u00e1ch a&nbsp;hnut\u00ed, o&nbsp;jej\u00ed trestn\u00e9 \u010dinnosti, zdrav\u00ed, majetkov\u00fdch pom\u011brech atd.)<\/li>\n\n\n\n<li>pokud je po\u017eadovan\u00e1 informace ozna\u010dena za obchodn\u00ed tajemstv\u00ed<\/li>\n\n\n\n<li>jde-li o&nbsp;informace o&nbsp;prob\u00edhaj\u00edc\u00edm trestn\u00edm \u0159\u00edzen\u00ed<\/li>\n\n\n\n<li>pokud se vztahuje v\u00fdlu\u010dn\u011b k&nbsp;vnit\u0159n\u00edm pokyn\u016fm a&nbsp;person\u00e1ln\u00edm p\u0159edpis\u016fm toho, kdo je o&nbsp;informaci po\u017e\u00e1d\u00e1n<\/li>\n<\/ul>\n\n\n\n<h3 class=\"wp-block-heading\">Jak se o&nbsp;informaci \u017e\u00e1d\u00e1<\/h3>\n\n\n\n<ul class=\"wp-block-list\">\n<li>\u00fastn\u011b, tj.&nbsp;osobn\u00ed n\u00e1v\u0161t\u011bvou na p\u0159\u00edslu\u0161n\u00e9m org\u00e1nu nebo dotazem proveden\u00fdm pomoc\u00ed telekomunika\u010dn\u00edho za\u0159\u00edzen\u00ed<\/li>\n\n\n\n<li>p\u00edsemn\u011b, nen\u00ed-li nap\u0159. na \u00fastn\u011b podanou \u017e\u00e1dost informace poskytnuta, nebo nen\u00ed-li informace z&nbsp;pohledu \u017eadatele dostate\u010dn\u00e1<\/li>\n<\/ul>\n\n\n\n<h3 class=\"wp-block-heading\">Co mus\u00ed p\u00edsemn\u00e1 \u017e\u00e1dost obsahovat<\/h3>\n\n\n\n<ul class=\"wp-block-list\">\n<li>mus\u00ed z&nbsp;n\u00ed b\u00fdt z\u0159ejm\u00e9, komu je \u017e\u00e1dost ur\u010dena, o&nbsp;jakou informaci se \u017e\u00e1d\u00e1 a&nbsp;kdo ji \u010din\u00ed<\/li>\n\n\n\n<li>neobsahuje-li \u017e\u00e1dost uveden\u00e9 \u00fadaje, nebude vy\u0159\u00edzena (\u017e\u00e1dost se odlo\u017e\u00ed)<\/li>\n<\/ul>\n\n\n\n<h3 class=\"wp-block-heading\">Elektronick\u00e9 pod\u00e1n\u00ed bude p\u0159ij\u00edm\u00e1no pouze v n\u00e1sleduj\u00edc\u00edch form\u00e1tech:<\/h3>\n\n\n\n<p>Acrobat Reader (.pdf), obrazov\u00e9 p\u0159\u00edlohy (.jpg, .jpeg\/jfif, .tif\/tiff, .png, .mpeg-2, .mpeg-1, .gif), zvukov\u00e9 p\u0159\u00edlohy (.mp3, .mp2, .pcm, .wav), datab\u00e1zov\u00e9 p\u0159\u00edlohy (.xml), textov\u00e9 p\u0159\u00edlohy (.doc\/docx\/rtf, .txt, .xls).&nbsp;&nbsp;&nbsp;&nbsp;&nbsp;&nbsp;&nbsp;&nbsp;&nbsp;<\/p>\n\n\n\n<h3 class=\"wp-block-heading\">Opravn\u00e9 prost\u0159edky<\/h3>\n\n\n\n<ul class=\"wp-block-list\">\n<li>Opravn\u00fd prost\u0159edek proti rozhodnut\u00ed Obecn\u00edho \u00fa\u0159adu v&nbsp;Litochovic\u00edch se pod\u00e1v\u00e1 k vy\u0161\u0161\u00edmu spr\u00e1vn\u00edmu org\u00e1nu uveden\u00e9mu v pou\u010den\u00ed o odvol\u00e1n\u00ed prost\u0159ednictv\u00edm Obecn\u00edho \u00fa\u0159adu v Litochovic\u00edch. Zasl\u00e1n\u00edm odvol\u00e1n\u00ed p\u0159\u00edmo vy\u0161\u0161\u00edmu spr\u00e1vn\u00edmu org\u00e1nu m\u016f\u017ee doj\u00edt k marn\u00e9mu uplynut\u00ed lh\u016fty pro odvol\u00e1n\u00ed. Odvol\u00e1n\u00ed se v\u017edy pod\u00e1v\u00e1 p\u00edsemn\u011b nebo p\u0159\u00edmo do protokolu.<\/li>\n\n\n\n<li>Proti rozhodnut\u00ed spr\u00e1vn\u00edho org\u00e1nu m\u00e1 \u00fa\u010dastn\u00edk \u0159\u00edzen\u00ed pr\u00e1vo podat odvol\u00e1n\u00ed, pokud z\u00e1kon nestanov\u00ed jinak nebo pokud se \u00fa\u010dastn\u00edk \u0159\u00edzen\u00ed odvol\u00e1n\u00ed p\u00edsemn\u011b nebo \u00fastn\u011b do protokolu nevzdal.<\/li>\n\n\n\n<li>Odvol\u00e1n\u00ed se pod\u00e1v\u00e1 u spr\u00e1vn\u00edho org\u00e1nu, kter\u00fd napaden\u00e9 rozhodnut\u00ed vydal.<\/li>\n\n\n\n<li>Odvol\u00e1n\u00ed je t\u0159eba podat ve lh\u016ft\u011b do 15 dn\u016f ode dne ozn\u00e1men\u00ed rozhodnut\u00ed, nestanov\u00ed-li jinou lh\u016ftu zvl\u00e1\u0161tn\u00ed pr\u00e1vn\u00ed p\u0159edpis.<\/li>\n\n\n\n<li>Pokud \u00fa\u010dastn\u00edk \u0159\u00edzen\u00ed v d\u016fsledku nespr\u00e1vn\u00e9ho pou\u010den\u00ed nebo proto, \u017ee nebyl pou\u010den v\u016fbec, podal opravn\u00fd prost\u0159edek po lh\u016ft\u011b, m\u00e1 se za to, \u017ee jej podal v\u010das, jestli\u017ee tak u\u010dinil nejpozd\u011bji do t\u0159\u00ed m\u011bs\u00edc\u016f ode dne ozn\u00e1men\u00ed rozhodnut\u00ed.<\/li>\n\n\n\n<li>Pro odvol\u00e1n\u00ed nejsou stanoveny jin\u00e9 n\u00e1le\u017eitosti ne\u017e pro obecn\u00e9 pod\u00e1n\u00ed.<\/li>\n\n\n\n<li>Pod\u00e1n\u00ed lze u\u010dinit p\u00edsemn\u011b nebo \u00fastn\u011b do protokolu. Lze je t\u00e9\u017e u\u010dinit telegraficky, takov\u00e9 pod\u00e1n\u00ed, obsahuj\u00edc\u00ed n\u00e1vrh ve v\u011bci, je t\u0159eba p\u00edsemn\u011b nebo \u00fastn\u011b do protokolu doplnit nejpozd\u011bji do t\u0159\u00ed dn\u016f.<\/li>\n\n\n\n<li>Pod\u00e1n\u00ed se posuzuje podle jeho obsahu, z pod\u00e1n\u00ed mus\u00ed b\u00fdt patrno, kdo je \u010din\u00ed, kter\u00e9 v\u011bci se t\u00fdk\u00e1 a co se navrhuje. Zvl\u00e1\u0161tn\u00ed pr\u00e1vn\u00ed p\u0159edpisy mohou stanovit jeho dal\u0161\u00ed n\u00e1le\u017eitosti.<\/li>\n\n\n\n<li>Pokud pod\u00e1n\u00ed nem\u00e1 p\u0159edepsan\u00e9 n\u00e1le\u017eitosti, pom\u016f\u017ee spr\u00e1vn\u00ed org\u00e1n \u00fa\u010dastn\u00edku \u0159\u00edzen\u00ed nedostatky odstranit, pop\u0159\u00edpad\u011b jej vyzve, aby je ve stanoven\u00e9 lh\u016ft\u011b odstranil, z\u00e1rove\u0148 ho pou\u010d\u00ed, jak\u00fd v\u00fdznam m\u016f\u017ee m\u00edt neodstran\u011bn\u00ed nedostatk\u016f pro dal\u0161\u00ed pr\u016fb\u011bh \u0159\u00edzen\u00ed. Na \u017e\u00e1dost \u00fa\u010dastn\u00edka \u0159\u00edzen\u00ed mus\u00ed b\u00fdt p\u0159ijet\u00ed pod\u00e1n\u00ed potvrzeno. Pro pod\u00e1n\u00ed odvol\u00e1n\u00ed nejsou p\u0159edeps\u00e1ny formul\u00e1\u0159e a tiskopisy.<\/li>\n<\/ul>\n\n\n\n<h3 class=\"wp-block-heading\">Jak\u00fd bude postup povinn\u00e9ho org\u00e1nu<\/h3>\n\n\n\n<ul class=\"wp-block-list\">\n<li>je-li \u017e\u00e1dost nesrozumiteln\u00e1, vyzve \u017eadatele o&nbsp;jej\u00ed up\u0159esn\u011bn\u00ed. Nebude-li up\u0159esn\u011bna do 30&nbsp;dn\u016f, rozhodne o&nbsp;odm\u00edtnut\u00ed \u017e\u00e1dosti<\/li>\n\n\n\n<li>pokud informace nespad\u00e1 do jeho p\u016fsobnosti, \u017e\u00e1dost odlo\u017e\u00ed a&nbsp;toto sd\u011bl\u00ed \u017eadateli do t\u0159\u00ed dn\u016f<\/li>\n\n\n\n<li>pokud \u017e\u00e1dost spl\u0148uje v\u0161echny n\u00e1le\u017eitosti, poskytne po\u017eadovanou informaci nejpozd\u011bji do 30&nbsp;dn\u016f ( od 1.&nbsp;1.&nbsp;2001&nbsp;do 15&nbsp;dn\u016f)<\/li>\n<\/ul>\n\n\n\n<h3 class=\"wp-block-heading\">Co kdy\u017e org\u00e1n \u017e\u00e1dosti nevyhov\u00ed<\/h3>\n\n\n\n<ul class=\"wp-block-list\">\n<li>pokud povinn\u00fd org\u00e1n, by\u0165 i&nbsp;jen z&nbsp;\u010d\u00e1sti, nevyhov\u00ed, vyd\u00e1 o&nbsp;tom ve&nbsp;lh\u016ft\u011b pro vy\u0159\u00edzen\u00ed \u017e\u00e1dosti rozhodnut\u00ed, kter\u00e9 se doru\u010d\u00ed do vlastn\u00edch rukou \u017eadatele<\/li>\n\n\n\n<li>jestli\u017ee bude povinn\u00fd org\u00e1n ne\u010dinn\u00fd (nepod\u00e1 po\u017eadovanou informaci, ani nevyd\u00e1 rozhodnut\u00ed) m\u00e1 se za to, \u017ee vydal rozhodnut\u00ed, kter\u00fdm informaci odep\u0159el<\/li>\n\n\n\n<li>proti rozhodnut\u00ed o&nbsp;odm\u00edtnut\u00ed \u017e\u00e1dosti m\u016f\u017ee podat odvol\u00e1n\u00ed, a&nbsp;to nejpozd\u011bji do 15&nbsp;dn\u016f od jeho doru\u010den\u00ed<\/li>\n<\/ul>\n\n\n\n<h3 class=\"wp-block-heading\">Komu se odvol\u00e1n\u00ed pos\u00edl\u00e1<\/h3>\n\n\n\n<ul class=\"wp-block-list\">\n<li>odvol\u00e1n\u00ed se pod\u00e1v\u00e1 u&nbsp;org\u00e1nu, kter\u00fd vydal rozhodnut\u00ed o&nbsp;odm\u00edtnut\u00ed \u017e\u00e1dosti nebo takov\u00e9 rozhodnut\u00ed m\u011bl vydal<\/li>\n<\/ul>\n\n\n\n<h3 class=\"wp-block-heading\">Kdo o&nbsp;odvol\u00e1n\u00ed rozhodne<\/h3>\n\n\n\n<ul class=\"wp-block-list\">\n<li>o odvol\u00e1n\u00ed rozhoduje org\u00e1n, kter\u00fd je nejbl\u00ed\u017ee nad\u0159\u00edzen\u00fdm tomu org\u00e1nu, kter\u00fd rozhodnut\u00ed vydal. Jde-li o&nbsp;rozhodnut\u00ed obecn\u00edho \u00fa\u0159adu ve&nbsp;v\u011bcech samostatn\u00e9 p\u016fsobnosti obce, rozhoduje o&nbsp;odvol\u00e1n\u00ed obecn\u00ed rada (kde nen\u00ed rada rozhoduje zastupitelstvo obce)<\/li>\n\n\n\n<li>ten, kdo o&nbsp;odvol\u00e1n\u00ed rozhoduje, tak mus\u00ed u\u010dinit ve&nbsp;lh\u016ft\u011b do 15&nbsp;dn\u016f od p\u0159edlo\u017een\u00ed odvol\u00e1n\u00ed t\u00edm, kdo rozhodnut\u00ed vydal<\/li>\n\n\n\n<li>proti rozhodnut\u00ed odvolac\u00edho org\u00e1nu se ji\u017e nelze odvolat. Lze v\u0161ak podat n\u00e1vrh na p\u0159ezkoum\u00e1n\u00ed takov\u00e9ho rozhodnut\u00ed u&nbsp;p\u0159\u00edslu\u0161n\u00e9ho soudu.<\/li>\n<\/ul>\n\n\n\n<h3 class=\"wp-block-heading\">N\u00e1vody pro \u0159e\u0161en\u00ed \u017eivotn\u00edch situac\u00ed<\/h3>\n\n\n\n<p>&nbsp;&nbsp; Informace pro \u0159e\u0161en\u00ed \u017eivotn\u00edch situac\u00ed m\u016f\u017eete po\u017e\u00e1dat na \u00da\u0159adu&nbsp; obce.<br><br>&nbsp;&nbsp;&nbsp;<strong>Sou\u010dasn\u011b v\u0161ak doporu\u010dujeme:<\/strong><br>&nbsp;&nbsp; \u0159e\u0161en\u00ed \u017eivotn\u00edch situac\u00ed na port\u00e1lu ve\u0159ejn\u00e9 spr\u00e1vy zde:&nbsp;<a href=\"http:\/\/portal.gov.cz\/wps\/portal\/_s.155\/708\/place\">portal.gov.cz\/wps\/portal\/_s.155\/708\/place<\/a><\/p>\n\n\n\n<h3 class=\"wp-block-heading\">Nejd\u016fle\u017eit\u011bj\u0161\u00ed z\u00e1kony<\/h3>\n\n\n\n<p>P\u0159ehled p\u0159edpis\u016f, podle nich\u017e \u00fa\u0159ad obce ve&nbsp;v\u011bci poskytov\u00e1n\u00ed informac\u00ed<br>rozhoduje:<\/p>\n\n\n\n<ul class=\"wp-block-list\">\n<li><a href=\"http:\/\/www.obecni-urad.net\/download.php?file=sb039-99_1.pdf\"><strong>z\u00e1kon \u010d. 106\/1999 Sb<\/strong><\/a>., o&nbsp;svobodn\u00e9m p\u0159\u00edstupu k&nbsp;informac\u00edm, v&nbsp;platn\u00e9m zn\u011bn\u00ed (upravuje postaven\u00ed opr\u00e1vn\u011bn\u00e9ho a&nbsp;povinn\u00e9ho subjektu p\u0159i vy\u0159izov\u00e1n\u00ed \u017e\u00e1dost\u00ed o&nbsp;poskytnut\u00ed informac\u00ed, postup p\u0159i rozhodov\u00e1n\u00ed a&nbsp;poskytnut\u00ed informac\u00ed a&nbsp;opr\u00e1vn\u011bn\u00ed \u017eadatele v&nbsp;p\u0159\u00edpad\u011b odm\u00edtnut\u00ed informac\u00ed),<\/li>\n\n\n\n<li><strong><a href=\"http:\/\/www.senomaty.cz\/e_download.php?file=53cs.pdf&amp;original=71_1967_Sb.pdf\">z\u00e1kon \u010d. 71\/1967 Sb<\/a><\/strong>., o&nbsp;spr\u00e1vn\u00edm \u0159\u00edzen\u00ed, v&nbsp;platn\u00e9m zn\u011bn\u00ed (procesn\u00ed p\u0159edpis podle neho\u017e postupuje povinn\u00fd subjekt p\u0159i rozhodov\u00e1n\u00ed v&nbsp;p\u0159\u00edpad\u011b odm\u00edtnut\u00ed \u017e\u00e1dosti o&nbsp;p oskytnut\u00ed informace a&nbsp;to i&nbsp;jen z\u010d\u00e1sti).<\/li>\n\n\n\n<li><a href=\"http:\/\/www.obecni-urad.net\/download.php?file=sb068-00_1.pdf\"><strong>z\u00e1kon \u010d. 227\/2000 Sb<\/strong><\/a>., o&nbsp;elektronick\u00e9m podpisu a&nbsp;o zm\u011bn\u011b nekter\u00fdch dal\u0161\u00edch z\u00e1kon\u016f, v&nbsp;platn\u00e9m zn\u011bn\u00ed. Tento z\u00e1kon upravuj pou\u017e\u00edv\u00e1n\u00ed elektronick\u00e9ho podpisu, poskytov\u00e1n\u00ed souvisej\u00edc\u00edch slu\u017eeb, kontrolu povinnost\u00ed stanoven\u00fdch t\u00edmto z\u00e1konem a&nbsp;sankce za poru\u0161en\u00ed povinnot\u00ed stanoven\u00fdch&nbsp; t\u00edmto z\u00e1konem.<\/li>\n\n\n\n<li><strong><a href=\"http:\/\/www.obecni-urad.net\/download.php?file=sb171-04_1.pdf\">z\u00e1kon \u010d. 495\/2004 Sb<\/a><\/strong>., Prov\u00e1d\u011bc\u00ed z\u00e1kon o&nbsp;elektronick\u00fdch podateln\u00e1ch, v&nbsp;platn\u00e9m zn\u011bn\u00ed. Vl\u00e1da na\u0159izuje k&nbsp;proveden\u00ed z\u00e1kona \u010d. 227\/2000 Sb., o&nbsp;elektronick\u00e9m podpisu a&nbsp;o zm\u011bn\u011b n\u011bkter\u00fdch dal\u0161\u00edch z\u00e1kon\u016f (z\u00e1kon o&nbsp;elektronick\u00e9m podpisu), ve&nbsp;zn\u011bn\u00ed z\u00e1kona \u010d. 226\/2002 Sb., z\u00e1kona \u010d. 517\/2002 Sb. a&nbsp;z\u00e1kona \u010d. 440\/2004 Sb.<\/li>\n\n\n\n<li><a href=\"http:\/\/www.obecni-urad.net\/download.php?file=sb171-04_2.pdf\"><strong>z\u00e1kon \u010d. 496\/2004 Sb<\/strong><\/a>., Prov\u00e1d\u011bc\u00ed z\u00e1kon o&nbsp;elektronick\u00fdch podateln\u00e1ch, v&nbsp;platn\u00e9m zn\u011bn\u00ed. Vl\u00e1da na\u0159izuje k&nbsp;proveden\u00ed z\u00e1kona \u010d. 227\/2000 Sb., o&nbsp;elektronick\u00e9m podpisu a&nbsp;o zm\u011bn\u011b n\u011bkter\u00fdch dal\u0161\u00edch z\u00e1kon\u016f (z\u00e1kon o&nbsp;elektronick\u00e9m podpisu), ve&nbsp;zn\u011bn\u00ed z\u00e1kona \u010d. 226\/2002 Sb., z\u00e1kona \u010d. 517\/2002 Sb. a&nbsp;z\u00e1kona \u010d. 440\/2004 Sb.<\/li>\n\n\n\n<li><a href=\"http:\/\/www.obecni-urad.net\/download.php?file=sb174-04_1.pdf\"><strong>z\u00e1kon \u010d. 500\/2004 Sb<\/strong><\/a>., Spr\u00e1vn\u00ed \u0159\u00e1d, v&nbsp;platn\u00e9m zn\u011bn\u00ed (upravuje postup org\u00e1n\u016f&nbsp; moci v\u00fdkonn\u00e9, org\u00e1n\u016f \u00fazemn\u00edch samospr\u00e1vn\u00fdch celk\u016f a&nbsp;jinn\u00fdch org\u00e1n\u016f, pr\u00e1vnick\u00fdch a&nbsp;fyzick\u00fdch osob, pokud vykon\u00e1vaj\u00ed p\u016fsobnost v&nbsp;oblasti ve\u0159ejn\u00e9 spr\u00e1vy.<\/li>\n\n\n\n<li>Z\u00e1kon \u010d. 128\/2000 Sb. o&nbsp;obc\u00edch<\/li>\n\n\n\n<li>Z\u00e1kon \u010d. 133\/2000 Sb. o&nbsp;evidenci obyvatel a&nbsp;rodn\u00fdch \u010d\u00edslech<\/li>\n\n\n\n<li>Z\u00e1kon \u010d. 565\/1990 Sb. o&nbsp;m\u00edstn\u00edch poplatc\u00edch<\/li>\n\n\n\n<li>Z\u00e1kon \u010d. 200\/1990 Sb. o&nbsp;p\u0159estupc\u00edch<\/li>\n\n\n\n<li>Z\u00e1kon \u010d. 50\/1976 Sb. o&nbsp;\u00fazemn\u00edm pl\u00e1novan\u00ed a&nbsp;stavebn\u00edm \u00fa\u0159adu<\/li>\n\n\n\n<li>Platn\u00e9 obecn\u011b z\u00e1vazn\u00e9 vyhla\u0161ky a&nbsp;usnesen\u00ed zastupitelstva obce<\/li>\n<\/ul>\n\n\n\n<h2 class=\"wp-block-heading\">Z\u00e1kon \u010d. 159\/2006 Sb. o&nbsp;st\u0159etu z\u00e1jm\u016f<\/h2>\n\n\n\n<h3 class=\"wp-block-heading\">Registr ozn\u00e1men\u00ed<\/h3>\n\n\n\n<p>Z\u00e1kon \u010d. 159\/2006 Sb., o&nbsp;st\u0159etu z\u00e1jm\u016f (novelizov\u00e1n z\u00e1konem 216\/2008 Sb.), ukl\u00e1d\u00e1 ve\u0159ejn\u00fdm funkcion\u00e1\u0159\u016fm povinnost oznamovat skute\u010dnosti, kter\u00e9 umo\u017e\u0148uj\u00ed ve\u0159ejnou kontrolu jejich \u010dinnost\u00ed konan\u00fdch vedle v\u00fdkonu funkce ve\u0159ejn\u00e9ho funkcion\u00e1\u0159e, ve\u0159ejnou kontrolu majetku nabyt\u00e9ho za dobu v\u00fdkonu funkce a&nbsp;dal\u0161\u00edch p\u0159\u00edjm\u016f, dar\u016f nebo jin\u00e9ho prosp\u011bchu, z\u00edskan\u00fdch za dobu v\u00fdkonu funkce, pop\u0159\u00edpad\u011b finan\u010dn\u00edch z\u00e1vazk\u016f, kter\u00e9 ve\u0159ejn\u00fd funkcion\u00e1\u0159 m\u00e1. Tyto skute\u010dnosti jsou ve\u0159ejn\u00ed funkcion\u00e1\u0159i povinni zve\u0159ejnit v&nbsp;registru ozn\u00e1men\u00ed, do kter\u00e9ho m\u00e1 ka\u017ed\u00fd pr\u00e1vo bezplatn\u011b nahl\u00ed\u017eet a&nbsp;po\u0159izovat si z&nbsp;n\u011bj opisy a&nbsp;v\u00fdpisy.<\/p>\n\n\n\n<h3 class=\"wp-block-heading\">Z\u00e1jemce o&nbsp;nahl\u00e9dnut\u00ed do registru ozn\u00e1men\u00ed v&nbsp;elektronick\u00e9 podob\u011b mus\u00ed u\u010dinit n\u00e1sleduj\u00edc\u00ed kroky:<\/h3>\n\n\n\n<ol class=\"wp-block-list\">\n<li>vyplnit p\u00edsemnou \u017e\u00e1dost, kter\u00e1 obsahuje:\n<ol class=\"wp-block-list\" style=\"list-style-type:lower-alpha\">\n<li>jm\u00e9no \u017eadatele,<\/li>\n\n\n\n<li>p\u0159\u00edjmen\u00ed \u017eadatele,<\/li>\n\n\n\n<li>datum narozen\u00ed \u017eadatele,<\/li>\n\n\n\n<li>m\u00edsto trval\u00e9ho pobytu \u017eadatele,<\/li>\n\n\n\n<li>adresu pro doru\u010dov\u00e1n\u00ed,<\/li>\n\n\n\n<li>\u00fadaj, zda bude nahl\u00ed\u017eet osobn\u011b nebo v&nbsp;elektronick\u00e9 podob\u011b<\/li>\n<\/ol>\n<\/li>\n\n\n\n<li>podat \u017e\u00e1dost\n<ol class=\"wp-block-list\" style=\"list-style-type:lower-alpha\">\n<li>osobn\u011b u&nbsp;eviden\u010dn\u00edho org\u00e1nu,<\/li>\n\n\n\n<li>prost\u0159ednictv\u00edm provozovatele po\u0161tovn\u00edch slu\u017eeb,<\/li>\n\n\n\n<li>elektronicky do elektronick\u00e9 podatelny eviden\u010dn\u00edho org\u00e1nu.<\/li>\n<\/ol>\n<\/li>\n\n\n\n<li>po ov\u011b\u0159en\u00ed \u017e\u00e1dosti bude \u017eadateli umo\u017en\u011bn n\u00e1hled<\/li>\n<\/ol>\n\n\n\n<p>O ka\u017ed\u00e9m nahl\u00e9dnut\u00ed do registru je prov\u00e1d\u011bn z\u00e1znam.<\/p>\n\n\n\n<h3 class=\"wp-block-heading\">Pou\u010den\u00ed pro \u017eadatele:<\/h3>\n\n\n\n<p>Dle \u00a7 23&nbsp;se p\u0159estupku dopust\u00ed fyzick\u00e1 osoba, kter\u00e1<\/p>\n\n\n\n<ol class=\"wp-block-list\">\n<li>pou\u017e\u00edv\u00e1 nebo d\u00e1le zpracov\u00e1v\u00e1 \u00fadaje veden\u00e9 v&nbsp;registru k&nbsp;jin\u00e9mu \u00fa\u010delu ne\u017e ke&nbsp;zji\u0161t\u011bn\u00ed p\u0159\u00edpadn\u00e9ho st\u0159etu z\u00e1jm\u016f p\u0159i v\u00fdkonu funkce ve\u0159ejn\u00e9ho funkcion\u00e1\u0159e podle \u00a7 13&nbsp;odst. 7,<\/li>\n\n\n\n<li>poru\u0161\u00ed povinnost ml\u010denlivosti podle \u00a7 14&nbsp;odst. 3&nbsp;o skute\u010dnostech, o&nbsp;nich\u017e se dozv\u011bd\u011bla z&nbsp;\u00fadaj\u016f evidovan\u00fdch v&nbsp;registru, nebo o&nbsp;osob\u00e1ch, kter\u00e9 eviden\u010dn\u00edmu org\u00e1nu sd\u011blily skute\u010dnosti nasv\u011bd\u010duj\u00edc\u00ed nepravdivosti nebo ne\u00faplnosti \u00fadaj\u016f, uveden\u00fdch v&nbsp;ozn\u00e1men\u00edch evidovan\u00fdch v&nbsp;registru,<\/li>\n<\/ol>\n\n\n\n<p>Dle \u00a7 24&nbsp;za p\u0159estupek podle \u00a7 23&nbsp;lze ulo\u017eit&nbsp;<strong>pokutu do v\u00fd\u0161e 50&nbsp;000 K\u010d<\/strong><\/p>\n\n\n\n<h1 class=\"wp-block-heading\">Z\u00e1kladn\u00ed informace o pov\u011b\u0159enci:<\/h1>\n\n\n\n<p>N\u00e1zev: Mikroregion Vlachovo B\u0159ez\u00ed<\/p>\n\n\n\n<p>Adresa: N\u00e1m\u011bst\u00ed svobody 56, 38422 Vlachovo B\u0159ez\u00ed<\/p>\n\n\n\n<p>Kontaktn\u00ed \u00fadaje: Ing.Josef Urban, tel.: 777 267 555, poradce.urban@quick.cz<\/p>\n<\/div><\/div>\n","protected":false},"excerpt":{"rendered":"<p>\u00da\u0159ad obce &#8211;&nbsp;\u00a7106\u204499 Sb. 1. N\u00e1zev obce: Litochovice 2. D\u016fvod a zp\u016fsob zalo\u017een\u00ed: Obec&nbsp;Litochovice&nbsp;byla zalo\u017eena podle ustanoven\u00ed \u00a73 odst.4) z\u00e1k.\u010d. 128\/2000Sb., o&nbsp;obc\u00edch ve&nbsp;zn\u011bn\u00ed pozd\u011bj\u0161\u00edch p\u0159edpis\u016f, a&nbsp;v&nbsp;souladu s&nbsp;\u00a729 odst.3) z\u00e1kona \u010d. 90\/1995 Sb. o&nbsp;jednac\u00edm \u0159\u00e1du Poslaneck\u00e9 sn\u011bmovny, ve&nbsp;zn\u011bn\u00ed pozd\u011bj\u0161\u00edch p\u0159edpis\u016f. 3. <a class=\"more-link\" href=\"https:\/\/www.litochovice.cz\/index.php\/urad-obce\/\">Cel\u00fd \u010dl\u00e1nek  <span class=\"screen-reader-text\">  \u00da\u0159ad obce<\/span><span class=\"meta-nav\">&rarr;<\/span><\/a><\/p>\n","protected":false},"author":1,"featured_media":0,"parent":0,"menu_order":0,"comment_status":"closed","ping_status":"closed","template":"","meta":{"footnotes":""},"class_list":["post-38","page","type-page","status-publish","hentry"],"_links":{"self":[{"href":"https:\/\/www.litochovice.cz\/index.php\/wp-json\/wp\/v2\/pages\/38","targetHints":{"allow":["GET"]}}],"collection":[{"href":"https:\/\/www.litochovice.cz\/index.php\/wp-json\/wp\/v2\/pages"}],"about":[{"href":"https:\/\/www.litochovice.cz\/index.php\/wp-json\/wp\/v2\/types\/page"}],"author":[{"embeddable":true,"href":"https:\/\/www.litochovice.cz\/index.php\/wp-json\/wp\/v2\/users\/1"}],"replies":[{"embeddable":true,"href":"https:\/\/www.litochovice.cz\/index.php\/wp-json\/wp\/v2\/comments?post=38"}],"version-history":[{"count":21,"href":"https:\/\/www.litochovice.cz\/index.php\/wp-json\/wp\/v2\/pages\/38\/revisions"}],"predecessor-version":[{"id":1927,"href":"https:\/\/www.litochovice.cz\/index.php\/wp-json\/wp\/v2\/pages\/38\/revisions\/1927"}],"wp:attachment":[{"href":"https:\/\/www.litochovice.cz\/index.php\/wp-json\/wp\/v2\/media?parent=38"}],"curies":[{"name":"wp","href":"https:\/\/api.w.org\/{rel}","templated":true}]}}